{"id":227,"date":"2022-12-17T15:11:27","date_gmt":"2022-12-17T15:11:27","guid":{"rendered":"https:\/\/sunka-ecogites.fr\/?page_id=227"},"modified":"2023-02-10T12:37:00","modified_gmt":"2023-02-10T12:37:00","slug":"nature","status":"publish","type":"page","link":"https:\/\/sunka-ecogites.fr\/index.php\/nature\/","title":{"rendered":"Nature"},"content":{"rendered":"<p>[et_pb_section fb_built=\u00a0\u00bb1&Prime; _builder_version=\u00a0\u00bb4.19.3&Prime; _module_preset=\u00a0\u00bbdefault\u00a0\u00bb background_color=\u00a0\u00bb#000000&Prime; width=\u00a0\u00bb100%\u00a0\u00bb custom_margin=\u00a0\u00bb0px||0px||false|false\u00a0\u00bb custom_padding=\u00a0\u00bb0px||0px||false|false\u00a0\u00bb global_colors_info=\u00a0\u00bb{}\u00a0\u00bb theme_builder_area=\u00a0\u00bbpost_content\u00a0\u00bb][et_pb_row _builder_version=\u00a0\u00bb4.19.3&Prime; _module_preset=\u00a0\u00bbdefault\u00a0\u00bb width=\u00a0\u00bb100%\u00a0\u00bb max_width=\u00a0\u00bb2560px\u00a0\u00bb module_alignment=\u00a0\u00bbcenter\u00a0\u00bb custom_margin=\u00a0\u00bb0px||0px||false|false\u00a0\u00bb custom_padding=\u00a0\u00bb0px||0px||false|false\u00a0\u00bb global_colors_info=\u00a0\u00bb{}\u00a0\u00bb theme_builder_area=\u00a0\u00bbpost_content\u00a0\u00bb][et_pb_column type=\u00a0\u00bb4_4&Prime; _builder_version=\u00a0\u00bb4.19.3&Prime; _module_preset=\u00a0\u00bbdefault\u00a0\u00bb global_colors_info=\u00a0\u00bb{}\u00a0\u00bb theme_builder_area=\u00a0\u00bbpost_content\u00a0\u00bb][et_pb_text _builder_version=\u00a0\u00bb4.19.4&Prime; _module_preset=\u00a0\u00bbdefault\u00a0\u00bb header_font=\u00a0\u00bbAlumni Sans|||on|||||\u00a0\u00bb header_text_align=\u00a0\u00bbcenter\u00a0\u00bb header_text_color=\u00a0\u00bb#c3af89&Prime; header_font_size=\u00a0\u00bb46px\u00a0\u00bb global_colors_info=\u00a0\u00bb{}\u00a0\u00bb theme_builder_area=\u00a0\u00bbpost_content\u00a0\u00bb]<\/p>\n<h1><span data-metadata=\"&lt;!--(figmeta)eyJmaWxlS2V5IjoicUVZOHlZS3hDdndYdWY4Y0x4ZmVHayIsInBhc3RlSUQiOjUyNTU0NDM5MywiZGF0YVR5cGUiOiJzY2VuZSJ9Cg==(\/figmeta)--&gt;\"><\/span><span>La Nature en haute vall\u00e9e de l&rsquo;aude<br \/><\/span><\/h1>\n<h1 class=\"tw-data-text tw-text-large tw-ta\" data-placeholder=\"Traduction\" id=\"tw-target-text\" dir=\"ltr\"><span class=\"Y2IQFc\" lang=\"ja\">\u907a\u7523\u3068\u7f8e\u98df<\/span>\u00a0<\/h1>\n<p>[\/et_pb_text][\/et_pb_column][\/et_pb_row][\/et_pb_section][et_pb_section fb_built=\u00a0\u00bb1&Prime; _builder_version=\u00a0\u00bb4.19.3&Prime; _module_preset=\u00a0\u00bbdefault\u00a0\u00bb background_color=\u00a0\u00bbRGBA(255,255,255,0)\u00a0\u00bb global_colors_info=\u00a0\u00bb{}\u00a0\u00bb theme_builder_area=\u00a0\u00bbpost_content\u00a0\u00bb][et_pb_row column_structure=\u00a0\u00bb1_2,1_2&Prime; _builder_version=\u00a0\u00bb4.19.3&Prime; _module_preset=\u00a0\u00bbdefault\u00a0\u00bb global_colors_info=\u00a0\u00bb{}\u00a0\u00bb theme_builder_area=\u00a0\u00bbpost_content\u00a0\u00bb][et_pb_column type=\u00a0\u00bb1_2&Prime; _builder_version=\u00a0\u00bb4.19.3&Prime; _module_preset=\u00a0\u00bbdefault\u00a0\u00bb global_colors_info=\u00a0\u00bb{}\u00a0\u00bb theme_builder_area=\u00a0\u00bbpost_content\u00a0\u00bb][et_pb_text _builder_version=\u00a0\u00bb4.19.4&Prime; _module_preset=\u00a0\u00bbdefault\u00a0\u00bb text_font=\u00a0\u00bbAlumni Sans||||||||\u00a0\u00bb text_font_size=\u00a0\u00bb22px\u00a0\u00bb text_orientation=\u00a0\u00bbjustified\u00a0\u00bb custom_css_main_element=\u00a0\u00bbbackdrop-filter:blur(10px);\u00a0\u00bb global_colors_info=\u00a0\u00bb{}\u00a0\u00bb theme_builder_area=\u00a0\u00bbpost_content\u00a0\u00bb]<\/p>\n<p>La haute vall\u00e9e de l&rsquo;Aude est une r\u00e9gion \u00e0 la nature pr\u00e9serv\u00e9e et riche en patrimoine naturel. Elle est c\u00e9l\u00e8bre pour ses paysages verdoyants, ses for\u00eats de pins et ses rivi\u00e8res.<\/p>\n<p>Le parc naturel r\u00e9gional des Corbi\u00e8res se trouve dans la haute vall\u00e9e de l&rsquo;Aude et est une destination id\u00e9ale pour les amateurs de randonn\u00e9e et de d\u00e9couverte de la nature. Ce parc abrite de nombreuses esp\u00e8ces animales et v\u00e9g\u00e9tales rares et prot\u00e9g\u00e9es. On y trouve notamment des ch\u00eanes verts, des oliviers sauvages et des orchid\u00e9es.<\/p>\n<p>Le massif de la Malep\u00e8re est \u00e9galement une destination de choix pour les amateurs de nature. Cette cha\u00eene de montagnes offre de nombreux chemins de randonn\u00e9e et de nombreux points de vue panoramiques sur la vall\u00e9e. Le parcours des ch\u00e2teaux cathares, qui relie plusieurs ch\u00e2teaux forts de la r\u00e9gion, est particuli\u00e8rement pris\u00e9 des marcheurs.<\/p>\n<p>Enfin, la haute vall\u00e9e de l&rsquo;Aude est \u00e9galement connue pour ses nombreux points d&rsquo;eau, comme les gorges de la Frau, <span>les gorges de Saint George ainsi que les gorges d&rsquo;Axat<\/span>. Ces endroits sont id\u00e9aux pour la baignade et la d\u00e9tente en pleine nature.<\/p>\n<p>En r\u00e9sum\u00e9, la haute vall\u00e9e de l&rsquo;Aude est une r\u00e9gion id\u00e9ale pour les amoureux de la nature et de la d\u00e9couverte des paysages. Elle offre de nombreuses possibilit\u00e9s de randonn\u00e9e et de d\u00e9couverte de la faune et de la flore locales.<\/p>\n<p>[\/et_pb_text][et_pb_gallery gallery_ids=\u00a0\u00bb624,628,627,626,625,631,630,632&Prime; gallery_orderby=\u00a0\u00bbrand\u00a0\u00bb show_title_and_caption=\u00a0\u00bboff\u00a0\u00bb show_pagination=\u00a0\u00bboff\u00a0\u00bb _builder_version=\u00a0\u00bb4.19.5&Prime; _module_preset=\u00a0\u00bbdefault\u00a0\u00bb global_colors_info=\u00a0\u00bb{}\u00a0\u00bb theme_builder_area=\u00a0\u00bbpost_content\u00a0\u00bb][\/et_pb_gallery][\/et_pb_column][et_pb_column type=\u00a0\u00bb1_2&Prime; _builder_version=\u00a0\u00bb4.19.3&Prime; _module_preset=\u00a0\u00bbdefault\u00a0\u00bb global_colors_info=\u00a0\u00bb{}\u00a0\u00bb theme_builder_area=\u00a0\u00bbpost_content\u00a0\u00bb][et_pb_gallery gallery_ids=\u00a0\u00bb391,390,389,388,387,386,385,384&Prime; fullwidth=\u00a0\u00bbon\u00a0\u00bb module_class=\u00a0\u00bbdiaporama-gite\u00a0\u00bb _builder_version=\u00a0\u00bb4.19.4&Prime; _module_preset=\u00a0\u00bbdefault\u00a0\u00bb auto=\u00a0\u00bbon\u00a0\u00bb auto_speed=\u00a0\u00bb3000&Prime; global_colors_info=\u00a0\u00bb{}\u00a0\u00bb theme_builder_area=\u00a0\u00bbpost_content\u00a0\u00bb][\/et_pb_gallery][et_pb_text _builder_version=\u00a0\u00bb4.19.4&Prime; _module_preset=\u00a0\u00bbdefault\u00a0\u00bb text_font=\u00a0\u00bbAlumni Sans||||||||\u00a0\u00bb text_text_color=\u00a0\u00bbgcid-77834d47-45b6-4e9a-8655-c6666b6e61df\u00a0\u00bb text_font_size=\u00a0\u00bb20px\u00a0\u00bb background_color=\u00a0\u00bb#000000&Prime; custom_padding=\u00a0\u00bb5px||5px|10px|false|false\u00a0\u00bb locked=\u00a0\u00bboff\u00a0\u00bb global_colors_info=\u00a0\u00bb{%22gcid-77834d47-45b6-4e9a-8655-c6666b6e61df%22:%91%22text_text_color%22%93}\u00a0\u00bb theme_builder_area=\u00a0\u00bbpost_content\u00a0\u00bb]<\/p>\n<h2>Quelques liens utiles<\/h2>\n<ul>\n<li>\n<div><a href=\"https:\/\/www.aude.fr\/etedanslaude-nature-activites-sportives\" target=\"_blank\" data-saferedirecturl=\"https:\/\/www.google.com\/url?q=https:\/\/www.aude.fr\/etedanslaude-nature-activites-sportives&amp;source=gmail&amp;ust=1674046392212000&amp;usg=AOvVaw0X04CKm3Z1Zw6Lfak_1Par\" rel=\"noopener\">https:\/\/www.aude.fr\/<wbr \/>etedanslaude-nature-activites-<wbr \/>sportives<\/a><\/div>\n<div><a href=\"http:\/\/www.aleteauvive.com\/fr\/rafting-aude\/\" target=\"_blank\" data-saferedirecturl=\"https:\/\/www.google.com\/url?q=http:\/\/www.aleteauvive.com\/fr\/rafting-aude\/&amp;source=gmail&amp;ust=1674046392212000&amp;usg=AOvVaw3iGi3JXIaNWxw2PsqCojK5\" rel=\"noopener\"><\/a><\/div>\n<\/li>\n<li>\n<div><a href=\"http:\/\/www.aleteauvive.com\/fr\/rafting-aude\/\" target=\"_blank\" data-saferedirecturl=\"https:\/\/www.google.com\/url?q=http:\/\/www.aleteauvive.com\/fr\/rafting-aude\/&amp;source=gmail&amp;ust=1674046392212000&amp;usg=AOvVaw3iGi3JXIaNWxw2PsqCojK5\" rel=\"noopener\">http:\/\/www.aleteauvive.com\/fr\/<wbr \/>rafting-aude\/<\/a><\/div>\n<div><a href=\"https:\/\/www.oxygen-aventure.com\/rafting-pyrenees-aude\/rafting-integral-pyrenees-aude\/\" target=\"_blank\" data-saferedirecturl=\"https:\/\/www.google.com\/url?q=https:\/\/www.oxygen-aventure.com\/rafting-pyrenees-aude\/rafting-integral-pyrenees-aude\/&amp;source=gmail&amp;ust=1674046392212000&amp;usg=AOvVaw0XPTp1qiYZiNLuiGHlCMj7\" rel=\"noopener\"><\/a><\/div>\n<\/li>\n<li>\n<div><a href=\"https:\/\/www.oxygen-aventure.com\/rafting-pyrenees-aude\/rafting-integral-pyrenees-aude\/\" target=\"_blank\" data-saferedirecturl=\"https:\/\/www.google.com\/url?q=https:\/\/www.oxygen-aventure.com\/rafting-pyrenees-aude\/rafting-integral-pyrenees-aude\/&amp;source=gmail&amp;ust=1674046392212000&amp;usg=AOvVaw0XPTp1qiYZiNLuiGHlCMj7\" rel=\"noopener\">https:\/\/www.oxygen-aventure.<wbr \/>com\/rafting-pyrenees-aude\/<wbr \/>rafting-integral-pyrenees-<wbr \/>aude\/<\/a><\/div>\n<div><a href=\"https:\/\/www.eaurizon.eu\/sports-eau-vives-aude\/rafting-aude-axat\/\" target=\"_blank\" data-saferedirecturl=\"https:\/\/www.google.com\/url?q=https:\/\/www.eaurizon.eu\/sports-eau-vives-aude\/rafting-aude-axat\/&amp;source=gmail&amp;ust=1674046392212000&amp;usg=AOvVaw0RiOQnSkOnrFej2tLyVQG8\" rel=\"noopener\"><\/a><\/div>\n<\/li>\n<li>\n<div><a href=\"https:\/\/www.eaurizon.eu\/sports-eau-vives-aude\/rafting-aude-axat\/\" target=\"_blank\" data-saferedirecturl=\"https:\/\/www.google.com\/url?q=https:\/\/www.eaurizon.eu\/sports-eau-vives-aude\/rafting-aude-axat\/&amp;source=gmail&amp;ust=1674046392212000&amp;usg=AOvVaw0RiOQnSkOnrFej2tLyVQG8\" rel=\"noopener\">https:\/\/www.eaurizon.eu\/<wbr \/>sports-eau-vives-aude\/rafting-<wbr \/>aude-axat\/<\/a><\/div>\n<div><a href=\"https:\/\/www.audetourisme.com\/fr\/a-voir-a-faire\/activites\/balades-randonnees\/notre-selection-balades-a-pied\/\" target=\"_blank\" data-saferedirecturl=\"https:\/\/www.google.com\/url?q=https:\/\/www.audetourisme.com\/fr\/a-voir-a-faire\/activites\/balades-randonnees\/notre-selection-balades-a-pied\/&amp;source=gmail&amp;ust=1674046392212000&amp;usg=AOvVaw2mBSZ4dlEGjwzZDRbPhS-M\" rel=\"noopener\"><\/a><\/div>\n<\/li>\n<li>\n<div><a href=\"https:\/\/www.audetourisme.com\/fr\/a-voir-a-faire\/activites\/balades-randonnees\/notre-selection-balades-a-pied\/\" target=\"_blank\" data-saferedirecturl=\"https:\/\/www.google.com\/url?q=https:\/\/www.audetourisme.com\/fr\/a-voir-a-faire\/activites\/balades-randonnees\/notre-selection-balades-a-pied\/&amp;source=gmail&amp;ust=1674046392212000&amp;usg=AOvVaw2mBSZ4dlEGjwzZDRbPhS-M\" rel=\"noopener\">https:\/\/www.audetourisme.com\/<wbr \/>fr\/a-voir-a-faire\/activites\/<wbr \/>balades-randonnees\/notre-<wbr \/>selection-balades-a-pied\/<\/a><\/div>\n<\/li>\n<\/ul>\n<p>[\/et_pb_text][\/et_pb_column][\/et_pb_row][et_pb_row _builder_version=\u00a0\u00bb4.19.4&Prime; _module_preset=\u00a0\u00bbdefault\u00a0\u00bb locked=\u00a0\u00bboff\u00a0\u00bb global_colors_info=\u00a0\u00bb{}\u00a0\u00bb theme_builder_area=\u00a0\u00bbpost_content\u00a0\u00bb][et_pb_column type=\u00a0\u00bb4_4&Prime; _builder_version=\u00a0\u00bb4.19.4&Prime; _module_preset=\u00a0\u00bbdefault\u00a0\u00bb global_colors_info=\u00a0\u00bb{}\u00a0\u00bb theme_builder_area=\u00a0\u00bbpost_content\u00a0\u00bb][et_pb_button button_url=\u00a0\u00bb@ET-DC@eyJkeW5hbWljIjp0cnVlLCJjb250ZW50IjoicG9zdF9saW5rX3VybF9wYWdlIiwic2V0dGluZ3MiOnsicG9zdF9pZCI6IjI3In19@\u00a0\u00bb button_text=\u00a0\u00bbRetour\u00a0\u00bb button_alignment=\u00a0\u00bbcenter\u00a0\u00bb _builder_version=\u00a0\u00bb4.19.4&Prime; _dynamic_attributes=\u00a0\u00bbbutton_url\u00a0\u00bb _module_preset=\u00a0\u00bbdefault\u00a0\u00bb custom_button=\u00a0\u00bbon\u00a0\u00bb button_text_color=\u00a0\u00bbgcid-ef72bfc4-f26d-4a06-a371-2f069e140ae8&Prime; button_bg_color=\u00a0\u00bb#000000&Prime; button_border_width=\u00a0\u00bb0px\u00a0\u00bb button_border_radius=\u00a0\u00bb0px\u00a0\u00bb button_font=\u00a0\u00bb|||on|||||\u00a0\u00bb button_use_icon=\u00a0\u00bboff\u00a0\u00bb custom_padding=\u00a0\u00bb1rem|3.5rem|1rem|3.5rem|true|true\u00a0\u00bb global_colors_info=\u00a0\u00bb{%22gcid-ef72bfc4-f26d-4a06-a371-2f069e140ae8%22:%91%22button_text_color%22%93}\u00a0\u00bb theme_builder_area=\u00a0\u00bbpost_content\u00a0\u00bb][\/et_pb_button][\/et_pb_column][\/et_pb_row][\/et_pb_section]<\/p>\n","protected":false},"excerpt":{"rendered":"<p>La Nature en haute vall\u00e9e de l&rsquo;aude \u907a\u7523\u3068\u7f8e\u98df\u00a0La haute vall\u00e9e de l&rsquo;Aude est une r\u00e9gion \u00e0 la nature pr\u00e9serv\u00e9e et riche en patrimoine naturel. Elle est c\u00e9l\u00e8bre pour ses paysages verdoyants, ses for\u00eats de pins et ses rivi\u00e8res. Le parc naturel r\u00e9gional des Corbi\u00e8res se trouve dans la haute vall\u00e9e de l&rsquo;Aude et est une [&hellip;]<\/p>\n","protected":false},"author":1,"featured_media":0,"parent":0,"menu_order":0,"comment_status":"closed","ping_status":"closed","template":"","meta":{"_et_pb_use_builder":"on","_et_pb_old_content":"<!-- wp:divi\/placeholder \/-->","_et_gb_content_width":"","_monsterinsights_skip_tracking":false,"_monsterinsights_sitenote_active":false,"_monsterinsights_sitenote_note":"","_monsterinsights_sitenote_category":0,"footnotes":""},"class_list":["post-227","page","type-page","status-publish","hentry"],"aioseo_notices":[],"_links":{"self":[{"href":"https:\/\/sunka-ecogites.fr\/index.php\/wp-json\/wp\/v2\/pages\/227","targetHints":{"allow":["GET"]}}],"collection":[{"href":"https:\/\/sunka-ecogites.fr\/index.php\/wp-json\/wp\/v2\/pages"}],"about":[{"href":"https:\/\/sunka-ecogites.fr\/index.php\/wp-json\/wp\/v2\/types\/page"}],"author":[{"embeddable":true,"href":"https:\/\/sunka-ecogites.fr\/index.php\/wp-json\/wp\/v2\/users\/1"}],"replies":[{"embeddable":true,"href":"https:\/\/sunka-ecogites.fr\/index.php\/wp-json\/wp\/v2\/comments?post=227"}],"version-history":[{"count":12,"href":"https:\/\/sunka-ecogites.fr\/index.php\/wp-json\/wp\/v2\/pages\/227\/revisions"}],"predecessor-version":[{"id":635,"href":"https:\/\/sunka-ecogites.fr\/index.php\/wp-json\/wp\/v2\/pages\/227\/revisions\/635"}],"wp:attachment":[{"href":"https:\/\/sunka-ecogites.fr\/index.php\/wp-json\/wp\/v2\/media?parent=227"}],"curies":[{"name":"wp","href":"https:\/\/api.w.org\/{rel}","templated":true}]}}